{"id":1064,"date":"2019-09-27T06:31:02","date_gmt":"2019-09-27T06:31:02","guid":{"rendered":"http:\/\/gw-unfall-lack.de\/?page_id=1064"},"modified":"2019-11-11T15:26:56","modified_gmt":"2019-11-11T15:26:56","slug":"datenschutzerklaerung","status":"publish","type":"page","link":"https:\/\/gw-unfall-lack.de\/?page_id=1064","title":{"rendered":"Datenschutzerkl\u00e4rung"},"content":{"rendered":"\n<p><\/p>\n\n\n\n<p style=\"font-size:21px\">Datenschutzerkl\u00e4rung<\/p>\n\n\n\n<p>Vielen Dank f\u00fcr den Besuch auf unserer Webseite. Der Schutz  personenbezogener Daten hat bei der Gradtke &amp; Wieczorek  Fahrzeuglackierung GmbH oberste Priorit\u00e4t. An dieser Stelle informieren  wir Sie dar\u00fcber, in welcher Weise und f\u00fcr welchen Zweck personenbezogene  Daten bei der Nutzung unserer Webseite verwendet werden<\/p>\n\n\n\n<p><strong>1. Verantwortliche Stelle<\/strong><br>\nDiese Website und das Leistungsangebot von www.gw-unfall-lack.de wird von der\nGradtke &amp; Wieczorek Fahrzeuglackierung GmbH\nRevalstra\u00dfe 2, 23560 L\u00fcbeck, Deutschland\nRegistergericht: Amtsgericht L\u00fcbeck\nRegisternummer: HRB 5699\nGesch\u00e4ftsf\u00fchrung: Jens Gradtke und Nico Wieczorek\nTelefon: +49 451 2 90 37 32 \nTelefax: +49 451 2 80 48 34\nnachfolgend \u201eGradtke &amp; Wieczorek\u201c betrieben.<\/p>\n\n\n\n<p>\n      <strong>2. Grunds\u00e4tzliches<\/strong><br>\n      2.1. Gradtke &amp; Wieczorek nimmt den Schutz Ihrer pers\u00f6nlichen \nDaten sehr ernst und h\u00e4lt sich strikt an die Regeln der \nDatenschutzgesetze der Bundesrepublik Deutschland, des \nTelemediengesetzes und der Datenschutzbestimmungen der Europ\u00e4ischen \nUnion (nachfolgend: \u201edatenschutzrechtliche Vorgaben\u201c). <br>\n2.2. Gradtke &amp; Wieczorek hat seine Mitarbeiter entsprechend zur Einhaltung der datenschutzrechtlichen Vorgaben verpflichtet.<br>\n2.3. Die folgende Erkl\u00e4rung gibt Ihnen einen \u00dcberblick dar\u00fcber, wie \nGradtke &amp; Wieczorek diesen Schutz gew\u00e4hrleistet und welche Art von \nDaten zu welchem Zweck erhoben werden<br>\n<\/p>\n\n\n\n<p>\n    <strong>3. Personenbezogene Daten<\/strong><br>\nNach dem Bundesdatenschutzgesetz (BDSG) sind personenbezogene Daten, \nEinzelangaben \u00fcber pers\u00f6nliche oder sachliche Verh\u00e4ltnisse einer \nbestimmten oder bestimmbaren nat\u00fcrlichen Person. Zu diesen Einzelangaben\n geh\u00f6ren etwa Ihr Name oder Ihre Kontaktdaten, wie Telefonnummer, \nAnschrift und E-Mail-Adresse.\n<\/p>\n\n\n\n<p><strong>4. Erhebung personenbezogener Daten<\/strong><br>\nZur Kontaktaufnahme werden folgende Daten von Ihnen erhoben und gespeichert:\nAllgemeine Kontaktdaten von Interessenten:\n<br><br>\n\u2022\tName<br>\n\u2022\tE-Mail<br>\n\u2022\tFirma<br>\n\u2022\tTelefon<br>\n\u2022\tNachricht<br>\n\u2022\tZustimmung zur Datenschutzklausel<br>\n\nnachfolgend \u201epersonenbezogene Daten\u201c genannt.)\n<\/p>\n\n\n\n<p><strong>5. Zweck der Erhebung personenbezogener Daten<\/strong><br>\n5.1. Die personenbezogenen Daten werden  bei Gradtke &amp; Wieczorek \nausschlie\u00dflich zu den nachfolgenden Zwecken erhoben, verarbeitet und \ngenutzt:<br><br>\n\u2022\tKontaktaufnahme<br>\n\u2022\tzur Erm\u00f6glichung des Leistungsangebotes<br>\n\u2022\tzur Bearbeitung Ihres Anliegens<br><br>\n5.2. Zu einem anderen als einem der vorstehend aufgef\u00fchrten Zwecke wird \nGradtke &amp; Wieczorek die personenbezogenen Daten nur nutzen, sofern \nes gem\u00e4\u00df \u00a7 28 Abs. 2 BDSG zur Wahrung berechtigter Interessen eines \nDritten oder zur Abwehr von Gefahren f\u00fcr die staatliche oder \u00f6ffentliche\n Sicherheit oder zur Verfolgung von Straftaten erforderlich ist.<br>\n5.3.  Die personenbezogenen Daten werden ausschlie\u00dflich auf Servern \ngespeichert und verarbeitet, welche sich in der Bundesrepublik \nDeutschland befinden.<br>\n<\/p>\n\n\n\n<p><strong>6. Google Analytics<\/strong><br>\nDiese Website benutzt Google Analytics, einen Webanalysedienst der \nGoogle Inc. (\u201eGoogle\u201c). Google Analytics verwendet sog. \u201eCookies\u201c, \nTextdateien, die auf Ihrem Computer gespeichert werden und die eine \nAnalyse der Benutzung der Website durch Sie erm\u00f6glichen. Die durch den \nCookie erzeugten Informationen \u00fcber Ihre Benutzung dieser Website werden\n in der Regel an einen Server von Google in den USA \u00fcbertragen und dort \ngespeichert.\nIm Falle der Aktivierung der IP-Anonymisierung auf dieser Webseite, wird\n Ihre IP-Adresse von Google jedoch innerhalb von Mitgliedstaaten der \nEurop\u00e4ischen Union oder in anderen Vertragsstaaten des Abkommens \u00fcber \nden Europ\u00e4ischen Wirtschaftsraum zuvor gek\u00fcrzt. Nur in Ausnahmef\u00e4llen \nwird die volle IP-Adresse an einen Server von Google in den USA \n\u00fcbertragen und dort gek\u00fcrzt. Die IP-Anonymisierung ist auf dieser \nWebsite aktiv. Im Auftrag des Betreibers dieser Website wird Google \ndiese Informationen benutzen, um Ihre Nutzung der Website auszuwerten, \num Reports \u00fcber die Websiteaktivit\u00e4ten zusammenzustellen und um weitere \nmit der Websitenutzung und der Internetnutzung verbundene \nDienstleistungen gegen\u00fcber dem Websitebetreiber zu erbringen.\nDie im Rahmen von Google Analytics von Ihrem Browser \u00fcbermittelte \nIP-Adresse wird nicht mit anderen Daten von Google zusammengef\u00fchrt. Sie \nk\u00f6nnen die Speicherung der Cookies durch eine entsprechende Einstellung \nIhrer Browser-Software verhindern; wir weisen Sie jedoch darauf hin, \ndass Sie in diesem Fall gegebenenfalls nicht s\u00e4mtliche Funktionen dieser\n Website vollumf\u00e4nglich werden nutzen k\u00f6nnen. Sie k\u00f6nnen dar\u00fcber hinaus \ndie Erfassung der durch das Cookie erzeugten und auf Ihre Nutzung der \nWebsite bezogenen Daten (inkl. Ihrer IP-Adresse) an Google sowie die \nVerarbeitung dieser Daten durch Google verhindern. <br><br><strong>Unter\n den folgenden Links finden Sie Informationen, wie Sie die Cookies bei \nden wichtigsten Browsern aktivieren oder deaktivieren k\u00f6nnen:<\/strong><br>\nMozilla Firefox: <a href=\"https:\/\/support.mozilla.org\/de\/kb\/cookies-erlauben-und-ablehnen\" target=\"_blank\" rel=\"noreferrer noopener\">https:\/\/support.mozilla.org\/de\/kb\/cookies-erlauben-und-ablehnen<\/a><br>\nChrome Browser: <a href=\"https:\/\/support.google.com\/accounts\/answer\/61416?hl=de\" target=\"_blank\" rel=\"noreferrer noopener\">https:\/\/support.google.com\/accounts\/answer\/61416?hl=de<\/a><br>\nInternet Explorer: <a href=\"https:\/\/support.microsoft.com\/de-de\/help\/17442\/windows-internet-explorer-delete-manage-cookies\" target=\"_blank\" rel=\"noreferrer noopener\">https:\/\/support.microsoft.com\/de-de\/help\/17442\/windows-internet-explorer-delete-manage-cookies<\/a><br><br>\nSie akzeptieren unsere Cookies, wenn Sie die Cookie-Setzung aktiviert \nbzw. nicht deaktiviert haben und fortfahren diese Webseite zu nutzen\nWir weisen Sie darauf hin, dass auf dieser Webseite Google Analytics um \nden Code \u201egat._anonymizeIp();\u201c erweitert wurde, um eine anonymisierte \nErfassung von IP-Adressen (sog. IP-Masking) zu gew\u00e4hrleisten.\n<\/p>\n\n\n\n<p><strong>7. Datensparsamkeit<\/strong><br>\n    Der Gesetzgeber hat vielf\u00e4ltige Aufbewahrungspflichten und -fristen \nerlassen. Personenbezogene Daten speichert Gradtke &amp; Wieczorek gem\u00e4\u00df\n den Grunds\u00e4tzen der Datenvermeidung und Datensparsamkeit nur so lange, \nwie es erforderlich ist oder vom Gesetzgeber her vorgeschrieben wird. \nEntf\u00e4llt dieser Zweck der erhobenen Informationen oder endet die \nSpeicherfrist, sperrt oder l\u00f6scht Gradtke &amp; Wieczorek die Daten.<\/p>\n\n\n\n<p><strong>8. Datensicherheit<\/strong><br>\n    Um einen unbefugten Zugang oder eine unbefugte Offenlegung zu \nverhindern und um die Richtigkeit der Daten zu gew\u00e4hrleisten und die \nberechtigte Nutzung der Daten sicherzustellen, verwendet Gradtke &amp; \nWieczorek technische und organisatorische Verfahren. Dennoch ist keine \nelektronische Kommunikation vollkommen sicher, was bedeutet, dass alle \nDaten und Informationen, die Sie freiwillig an Gradtke &amp; Wieczorek \n\u00fcbermitteln, von Dritten im Wege einer widerrechtlichen Datenbeschaffung\n erlangt werden k\u00f6nnten. F\u00fcr die Offenlegung von Informationen aufgrund \nvon Fehlern und\/oder unautorisierten Zugriffen bei der Daten\u00fcbertragung \ndurch Dritte kann Gradtke &amp; Wieczorek keine Verantwortung oder \nHaftung \u00fcbernehmen.<\/p>\n\n\n\n<p><strong>9. \u00c4nderung der Datenschutzbestimmung<\/strong><br>\nUm zu gew\u00e4hrleisten, dass unsere Datenschutzerkl\u00e4rung stets den \naktuellen gesetzlichen Vorgaben entspricht, behalten wir uns jederzeit \n\u00c4nderungen vor. Dies gilt auch f\u00fcr den Fall, dass die \nDatenschutzerkl\u00e4rung aufgrund neuer oder \u00fcberarbeiteter Leistungen, zum \nBeispiel neuer Serviceleistungen, angepasst werden muss. Die neue \nDatenschutzerkl\u00e4rung greift dann bei Ihrem n\u00e4chsten Besuch auf unserem \nAngebot.\n<\/p>\n\n\n\n<p><strong>10. \u00d6ffentliches Verfahrensverzeichnis<\/strong><br>\nGradtke &amp; Wieczorek stellt Ihnen auf Wunsch gerne das \u00f6ffentliche \nVerfahrensverzeichnis gem\u00e4\u00df \u00a7 4e BDSG zur Verf\u00fcgung. Bitte kontaktieren \nSie sich diesbez\u00fcglich per E-Mail.  \n<\/p>\n\n\n\n<p><strong>Weitere Informationen<\/strong><br>\n    Ihr Vertrauen ist uns wichtig. Daher m\u00f6chten wir Ihnen jederzeit \nRede und Antwort bez\u00fcglich der Verarbeitung Ihrer personenbezogenen \nDaten stehen. Wenn Sie Fragen haben, die Ihnen diese \nDatenschutzerkl\u00e4rung nicht beantworten konnte oder wenn Sie zu einem \nPunkt vertiefte Informationen w\u00fcnschen, kontaktieren Sie uns gerne \njederzeit per Mail. (<a href=\"mailto:info@gw-unfall-lack.de\">info@gw-unfall-lack.de<\/a> )\n<\/p>\n","protected":false},"excerpt":{"rendered":"<p>Datenschutzerkl\u00e4rung Vielen Dank f\u00fcr den Besuch auf unserer Webseite. Der Schutz personenbezogener Daten hat bei der Gradtke &amp; Wieczorek Fahrzeuglackierung GmbH oberste Priorit\u00e4t. An dieser Stelle informieren wir Sie dar\u00fcber, in welcher Weise und f\u00fcr welchen Zweck personenbezogene Daten bei der Nutzung unserer Webseite verwendet werden 1. Verantwortliche Stelle Diese Website und das Leistungsangebot von &hellip;<\/p>\n<p class=\"read-more\"> <a class=\"\" href=\"https:\/\/gw-unfall-lack.de\/?page_id=1064\"> <span class=\"screen-reader-text\">Datenschutzerkl\u00e4rung<\/span> Weiterlesen &raquo;<\/a><\/p>\n","protected":false},"author":1,"featured_media":0,"parent":0,"menu_order":0,"comment_status":"closed","ping_status":"closed","template":"","meta":{"_uag_custom_page_level_css":"","site-sidebar-layout":"default","site-content-layout":"default","ast-site-content-layout":"","site-content-style":"default","site-sidebar-style":"default","ast-global-header-display":"","ast-banner-title-visibility":"","ast-main-header-display":"","ast-hfb-above-header-display":"","ast-hfb-below-header-display":"","ast-hfb-mobile-header-display":"","site-post-title":"disabled","ast-breadcrumbs-content":"","ast-featured-img":"","footer-sml-layout":"","theme-transparent-header-meta":"default","adv-header-id-meta":"","stick-header-meta":"","header-above-stick-meta":"","header-main-stick-meta":"","header-below-stick-meta":"","astra-migrate-meta-layouts":"","ast-page-background-enabled":"default","ast-page-background-meta":{"desktop":{"background-color":"","background-image":"","background-repeat":"repeat","background-position":"center center","background-size":"auto","background-attachment":"scroll","background-type":"","background-media":"","overlay-type":"","overlay-color":"","overlay-gradient":""},"tablet":{"background-color":"","background-image":"","background-repeat":"repeat","background-position":"center center","background-size":"auto","background-attachment":"scroll","background-type":"","background-media":"","overlay-type":"","overlay-color":"","overlay-gradient":""},"mobile":{"background-color":"","background-image":"","background-repeat":"repeat","background-position":"center center","background-size":"auto","background-attachment":"scroll","background-type":"","background-media":"","overlay-type":"","overlay-color":"","overlay-gradient":""}},"ast-content-background-meta":{"desktop":{"background-color":"var(--ast-global-color-5)","background-image":"","background-repeat":"repeat","background-position":"center center","background-size":"auto","background-attachment":"scroll","background-type":"","background-media":"","overlay-type":"","overlay-color":"","overlay-gradient":""},"tablet":{"background-color":"var(--ast-global-color-5)","background-image":"","background-repeat":"repeat","background-position":"center center","background-size":"auto","background-attachment":"scroll","background-type":"","background-media":"","overlay-type":"","overlay-color":"","overlay-gradient":""},"mobile":{"background-color":"var(--ast-global-color-5)","background-image":"","background-repeat":"repeat","background-position":"center center","background-size":"auto","background-attachment":"scroll","background-type":"","background-media":"","overlay-type":"","overlay-color":"","overlay-gradient":""}},"footnotes":""},"class_list":["post-1064","page","type-page","status-publish","hentry"],"yoast_head":"<!-- This site is optimized with the Yoast SEO plugin v24.5 - https:\/\/yoast.com\/wordpress\/plugins\/seo\/ -->\n<title>Datenschutzerkl\u00e4rung - Gradtke und Wieczorek GmbH<\/title>\n<meta name=\"description\" content=\"Lackierungen, Spot Repair, Industrielackierung, Reparaturen, Unfallreparatur, Autoglasreparatur, Kleinreparaturen, Oldtimerlackierungen uvm.\" \/>\n<meta name=\"robots\" content=\"index, follow, max-snippet:-1, max-image-preview:large, max-video-preview:-1\" \/>\n<link rel=\"canonical\" href=\"https:\/\/gw-unfall-lack.de\/?page_id=1064\" \/>\n<meta property=\"og:locale\" content=\"de_DE\" \/>\n<meta property=\"og:type\" content=\"article\" \/>\n<meta property=\"og:title\" content=\"Datenschutzerkl\u00e4rung - Gradtke und Wieczorek GmbH\" \/>\n<meta property=\"og:description\" content=\"Lackierungen, Spot Repair, Industrielackierung, Reparaturen, Unfallreparatur, Autoglasreparatur, Kleinreparaturen, Oldtimerlackierungen uvm.\" \/>\n<meta property=\"og:url\" content=\"https:\/\/gw-unfall-lack.de\/?page_id=1064\" \/>\n<meta property=\"og:site_name\" content=\"Gradtke und Wieczorek GmbH\" \/>\n<meta property=\"article:modified_time\" content=\"2019-11-11T15:26:56+00:00\" \/>\n<meta name=\"twitter:card\" content=\"summary_large_image\" \/>\n<meta name=\"twitter:label1\" content=\"Gesch\u00e4tzte Lesezeit\" \/>\n\t<meta name=\"twitter:data1\" content=\"5\u00a0Minuten\" \/>\n<script type=\"application\/ld+json\" class=\"yoast-schema-graph\">{\"@context\":\"https:\/\/schema.org\",\"@graph\":[{\"@type\":\"WebPage\",\"@id\":\"https:\/\/gw-unfall-lack.de\/?page_id=1064\",\"url\":\"https:\/\/gw-unfall-lack.de\/?page_id=1064\",\"name\":\"Datenschutzerkl\u00e4rung - Gradtke und Wieczorek GmbH\",\"isPartOf\":{\"@id\":\"https:\/\/gw-unfall-lack.de\/#website\"},\"datePublished\":\"2019-09-27T06:31:02+00:00\",\"dateModified\":\"2019-11-11T15:26:56+00:00\",\"description\":\"Lackierungen, Spot Repair, Industrielackierung, Reparaturen, Unfallreparatur, Autoglasreparatur, Kleinreparaturen, Oldtimerlackierungen uvm.\",\"breadcrumb\":{\"@id\":\"https:\/\/gw-unfall-lack.de\/?page_id=1064#breadcrumb\"},\"inLanguage\":\"de\",\"potentialAction\":[{\"@type\":\"ReadAction\",\"target\":[\"https:\/\/gw-unfall-lack.de\/?page_id=1064\"]}]},{\"@type\":\"BreadcrumbList\",\"@id\":\"https:\/\/gw-unfall-lack.de\/?page_id=1064#breadcrumb\",\"itemListElement\":[{\"@type\":\"ListItem\",\"position\":1,\"name\":\"Startseite\",\"item\":\"https:\/\/gw-unfall-lack.de\/\"},{\"@type\":\"ListItem\",\"position\":2,\"name\":\"Datenschutzerkl\u00e4rung\"}]},{\"@type\":\"WebSite\",\"@id\":\"https:\/\/gw-unfall-lack.de\/#website\",\"url\":\"https:\/\/gw-unfall-lack.de\/\",\"name\":\"Gradtke und Wieczorek GmbH\",\"description\":\"Fahrzeuglackierung - Lackierung | Spot Repair | Industrielackierung | Reparatur | Unfallreparatur | Autoglasreparatur\",\"publisher\":{\"@id\":\"https:\/\/gw-unfall-lack.de\/#organization\"},\"potentialAction\":[{\"@type\":\"SearchAction\",\"target\":{\"@type\":\"EntryPoint\",\"urlTemplate\":\"https:\/\/gw-unfall-lack.de\/?s={search_term_string}\"},\"query-input\":{\"@type\":\"PropertyValueSpecification\",\"valueRequired\":true,\"valueName\":\"search_term_string\"}}],\"inLanguage\":\"de\"},{\"@type\":\"Organization\",\"@id\":\"https:\/\/gw-unfall-lack.de\/#organization\",\"name\":\"Gradtke und Wieczorek Fahrzeuglackierung und Unfallreparatur\",\"url\":\"https:\/\/gw-unfall-lack.de\/\",\"logo\":{\"@type\":\"ImageObject\",\"inLanguage\":\"de\",\"@id\":\"https:\/\/gw-unfall-lack.de\/#\/schema\/logo\/image\/\",\"url\":\"https:\/\/i0.wp.com\/gw-unfall-lack.de\/wp-content\/uploads\/2019\/10\/cropped-Logo_GW-1.png?fit=1233%2C294&ssl=1\",\"contentUrl\":\"https:\/\/i0.wp.com\/gw-unfall-lack.de\/wp-content\/uploads\/2019\/10\/cropped-Logo_GW-1.png?fit=1233%2C294&ssl=1\",\"width\":1233,\"height\":294,\"caption\":\"Gradtke und Wieczorek Fahrzeuglackierung und Unfallreparatur\"},\"image\":{\"@id\":\"https:\/\/gw-unfall-lack.de\/#\/schema\/logo\/image\/\"}}]}<\/script>\n<!-- \/ Yoast SEO plugin. -->","yoast_head_json":{"title":"Datenschutzerkl\u00e4rung - Gradtke und Wieczorek GmbH","description":"Lackierungen, Spot Repair, Industrielackierung, Reparaturen, Unfallreparatur, Autoglasreparatur, Kleinreparaturen, Oldtimerlackierungen uvm.","robots":{"index":"index","follow":"follow","max-snippet":"max-snippet:-1","max-image-preview":"max-image-preview:large","max-video-preview":"max-video-preview:-1"},"canonical":"https:\/\/gw-unfall-lack.de\/?page_id=1064","og_locale":"de_DE","og_type":"article","og_title":"Datenschutzerkl\u00e4rung - Gradtke und Wieczorek GmbH","og_description":"Lackierungen, Spot Repair, Industrielackierung, Reparaturen, Unfallreparatur, Autoglasreparatur, Kleinreparaturen, Oldtimerlackierungen uvm.","og_url":"https:\/\/gw-unfall-lack.de\/?page_id=1064","og_site_name":"Gradtke und Wieczorek GmbH","article_modified_time":"2019-11-11T15:26:56+00:00","twitter_card":"summary_large_image","twitter_misc":{"Gesch\u00e4tzte Lesezeit":"5\u00a0Minuten"},"schema":{"@context":"https:\/\/schema.org","@graph":[{"@type":"WebPage","@id":"https:\/\/gw-unfall-lack.de\/?page_id=1064","url":"https:\/\/gw-unfall-lack.de\/?page_id=1064","name":"Datenschutzerkl\u00e4rung - Gradtke und Wieczorek GmbH","isPartOf":{"@id":"https:\/\/gw-unfall-lack.de\/#website"},"datePublished":"2019-09-27T06:31:02+00:00","dateModified":"2019-11-11T15:26:56+00:00","description":"Lackierungen, Spot Repair, Industrielackierung, Reparaturen, Unfallreparatur, Autoglasreparatur, Kleinreparaturen, Oldtimerlackierungen uvm.","breadcrumb":{"@id":"https:\/\/gw-unfall-lack.de\/?page_id=1064#breadcrumb"},"inLanguage":"de","potentialAction":[{"@type":"ReadAction","target":["https:\/\/gw-unfall-lack.de\/?page_id=1064"]}]},{"@type":"BreadcrumbList","@id":"https:\/\/gw-unfall-lack.de\/?page_id=1064#breadcrumb","itemListElement":[{"@type":"ListItem","position":1,"name":"Startseite","item":"https:\/\/gw-unfall-lack.de\/"},{"@type":"ListItem","position":2,"name":"Datenschutzerkl\u00e4rung"}]},{"@type":"WebSite","@id":"https:\/\/gw-unfall-lack.de\/#website","url":"https:\/\/gw-unfall-lack.de\/","name":"Gradtke und Wieczorek GmbH","description":"Fahrzeuglackierung - Lackierung | Spot Repair | Industrielackierung | Reparatur | Unfallreparatur | Autoglasreparatur","publisher":{"@id":"https:\/\/gw-unfall-lack.de\/#organization"},"potentialAction":[{"@type":"SearchAction","target":{"@type":"EntryPoint","urlTemplate":"https:\/\/gw-unfall-lack.de\/?s={search_term_string}"},"query-input":{"@type":"PropertyValueSpecification","valueRequired":true,"valueName":"search_term_string"}}],"inLanguage":"de"},{"@type":"Organization","@id":"https:\/\/gw-unfall-lack.de\/#organization","name":"Gradtke und Wieczorek Fahrzeuglackierung und Unfallreparatur","url":"https:\/\/gw-unfall-lack.de\/","logo":{"@type":"ImageObject","inLanguage":"de","@id":"https:\/\/gw-unfall-lack.de\/#\/schema\/logo\/image\/","url":"https:\/\/i0.wp.com\/gw-unfall-lack.de\/wp-content\/uploads\/2019\/10\/cropped-Logo_GW-1.png?fit=1233%2C294&ssl=1","contentUrl":"https:\/\/i0.wp.com\/gw-unfall-lack.de\/wp-content\/uploads\/2019\/10\/cropped-Logo_GW-1.png?fit=1233%2C294&ssl=1","width":1233,"height":294,"caption":"Gradtke und Wieczorek Fahrzeuglackierung und Unfallreparatur"},"image":{"@id":"https:\/\/gw-unfall-lack.de\/#\/schema\/logo\/image\/"}}]}},"uagb_featured_image_src":{"full":false,"thumbnail":false,"medium":false,"medium_large":false,"large":false,"1536x1536":false,"2048x2048":false},"uagb_author_info":{"display_name":"cramm","author_link":"https:\/\/gw-unfall-lack.de\/?author=1"},"uagb_comment_info":0,"uagb_excerpt":"Datenschutzerkl\u00e4rung Vielen Dank f\u00fcr den Besuch auf unserer Webseite. Der Schutz personenbezogener Daten hat bei der Gradtke &amp; Wieczorek Fahrzeuglackierung GmbH oberste Priorit\u00e4t. An dieser Stelle informieren wir Sie dar\u00fcber, in welcher Weise und f\u00fcr welchen Zweck personenbezogene Daten bei der Nutzung unserer Webseite verwendet werden 1. Verantwortliche Stelle Diese Website und das Leistungsangebot von&hellip;","jetpack_sharing_enabled":true,"_links":{"self":[{"href":"https:\/\/gw-unfall-lack.de\/index.php?rest_route=\/wp\/v2\/pages\/1064","targetHints":{"allow":["GET"]}}],"collection":[{"href":"https:\/\/gw-unfall-lack.de\/index.php?rest_route=\/wp\/v2\/pages"}],"about":[{"href":"https:\/\/gw-unfall-lack.de\/index.php?rest_route=\/wp\/v2\/types\/page"}],"author":[{"embeddable":true,"href":"https:\/\/gw-unfall-lack.de\/index.php?rest_route=\/wp\/v2\/users\/1"}],"replies":[{"embeddable":true,"href":"https:\/\/gw-unfall-lack.de\/index.php?rest_route=%2Fwp%2Fv2%2Fcomments&post=1064"}],"version-history":[{"count":4,"href":"https:\/\/gw-unfall-lack.de\/index.php?rest_route=\/wp\/v2\/pages\/1064\/revisions"}],"predecessor-version":[{"id":1500,"href":"https:\/\/gw-unfall-lack.de\/index.php?rest_route=\/wp\/v2\/pages\/1064\/revisions\/1500"}],"wp:attachment":[{"href":"https:\/\/gw-unfall-lack.de\/index.php?rest_route=%2Fwp%2Fv2%2Fmedia&parent=1064"}],"curies":[{"name":"wp","href":"https:\/\/api.w.org\/{rel}","templated":true}]}}